{"id":3,"date":"2019-05-11T18:22:38","date_gmt":"2019-05-11T16:22:38","guid":{"rendered":"http:\/\/www.kellertheater.ch\/wp\/?page_id=3"},"modified":"2024-02-28T22:03:56","modified_gmt":"2024-02-28T21:03:56","slug":"datenschutzerklaerung","status":"publish","type":"page","link":"https:\/\/www.kellertheater.ch\/index.php\/datenschutzerklaerung\/","title":{"rendered":"Datenschutzerkl\u00e4rung"},"content":{"rendered":"\n<p><strong>Datenschutzerkl\u00e4rung<\/strong><\/p>\n\n\n\n<p>In dieser Datenschutzerkl\u00e4rung erl\u00e4utern wir, der Verein Oberwalliser Kellertheater, wie wir Personendaten erheben und bearbeiten. Unter Personendaten werden alle Angaben verstanden, die sich auf eine bestimmte oder bestimmbare nat\u00fcrliche Person beziehen.<\/p>\n\n\n\n<p>Wenn Sie uns Personendaten anderer Personen (z.B. Familienmitglieder, Daten von Arbeitskollegen) zur Verf\u00fcgung stellen, stellen Sie bitte sicher, dass diese Personen die vorliegende Datenschutzerkl\u00e4rung kennen und teilen Sie uns deren Personendaten nur mit, wenn Sie dies d\u00fcrfen und wenn diese Personendaten korrekt sind.<\/p>\n\n\n\n<p>Diese Datenschutzerkl\u00e4rung ist auf die Anforderungen des Schweizer Datenschutzgesetzes&nbsp;<strong>(\u00abDSG\u00bb)<\/strong>&nbsp;\u2013 und sofern anwendbar \u2013 der EU-Datenschutz-Grundverordnung&nbsp;<strong>(\u00abDSGVO\u00bb)<\/strong>&nbsp;ausgelegt. Ob und inwieweit diese Gesetze anwendbar sind, h\u00e4ngt jedoch vom Einzelfall ab.<\/p>\n\n\n\n<p><strong>1. VERANTWORTLICHER<\/strong><\/p>\n\n\n\n<p>Verantwortlich f\u00fcr die Datenbearbeitungen, die wir hier beschreiben, ist der Verein Oberwalliser Kellertheater. Wenn Sie datenschutzrechtliche Anliegen haben, k\u00f6nnen Sie uns diese an folgende Kontaktadresse mitteilen:<\/p>\n\n\n\n<p><strong>Verein Oberwalliser Kellertheater<br><\/strong>Postfach 429<br>3900 Brig-Glis<br>Schweiz<\/p>\n\n\n\n<p><strong>2. ERHEBUNG UND BEARBEITUNG VON PERSONENDATEN<\/strong><\/p>\n\n\n\n<p>Wir bearbeiten in erster Linie die Personendaten, die wir im Rahmen unserer Beziehung mit unseren Mitgliedern, G\u00f6nnern und anderen Partnern (z.B. Sponsoren) sowie Mitarbeitenden von diesen und weiteren daran beteiligten Personen erhalten oder die wir beim Betrieb unserer Websites sowie weiteren Anwendungen von deren Nutzern erheben. Soweit dies erlaubt ist, entnehmen wir auch \u00f6ffentlich zug\u00e4nglichen Quellen (z.B. Handelsregister, Presse, Internet) gewisse Daten, sowie von Beh\u00f6rden und sonstigen Dritten (wie z.B. Kreditauskunfts-Unternehmen).<\/p>\n\n\n\n<p>Nebst den Daten von Ihnen, die Sie uns direkt geben, umfassen die Kategorien von Personendaten, die wir von Dritten \u00fcber Sie erhalten, insbesondere Angaben aus \u00f6ffentlichen Registern, Angaben, die wir im Zusammenhang mit beh\u00f6rdlichen und gerichtlichen Verfahren erfahren, Daten im Zusammenhang mit der Benutzung der Website (z.B. IP-Adresse, MAC-Adresse des Smartphones oder Computers, Angaben zu Ihrem Ger\u00e4t und Einstellungen,<\/p>\n\n\n\n<p>Cookies, Datum und Zeit des Besuchs, abgerufene Seiten und Inhalte, benutzte Funktionen, verweisende Website, Standortangaben).<\/p>\n\n\n\n<p><strong>3. ZWECKE DER DATENBEARBEITUNG<\/strong><\/p>\n\n\n\n<p>Wir verwenden die von uns erhobenen Personendaten in erster Linie, um unseren Vereinszweck zu erf\u00fcllen, unseren Verpflichtungen gegen\u00fcber Mitgliedern, G\u00f6nnern und Partnern nachzukommen, im Rahmen des Einkaufs von Produkten und Dienstleistungen von unseren Partnern, sowie um unsere gesetzlichen Pflichten \u2013 auch als Arbeitgeber gegen\u00fcber Arbeitnehmenden \u2013 im In- und Ausland nachzukommen. Wenn Sie f\u00fcr einen Partner t\u00e4tig sind, k\u00f6nnen Sie in dieser Funktion mit Ihren Personendaten nat\u00fcrlich ebenfalls davon betroffen sein.<\/p>\n\n\n\n<p>Dar\u00fcber hinaus bearbeiten wir Personendaten von Ihnen und weiteren Personen, soweit erlaubt und es uns als angezeigt erscheint, auch f\u00fcr folgende Zwecke, an denen wir (und zuweilen auch Dritte) ein dem Zweck entsprechendes berechtigtes Interesse haben:<\/p>\n\n\n\n<ol class=\"wp-block-list\" start=\"1\">\n<li>Angebot und Weiterentwicklung unserer Angebote, Vereinsaktivit\u00e4ten, Dienstleistungen und Websites und weiteren Plattformen, auf welchen wir pr\u00e4sent sind;<\/li>\n\n\n\n<li>Kommunikation mit Dritten und Bearbeitung derer Anfragen (z.B. Bewerbungen, Medienanfragen);<\/li>\n\n\n\n<li>Werbung, Newsletter und Marketing (einschliesslich Durchf\u00fchrung von Anl\u00e4ssen), soweit Sie der Nutzung Ihrer Daten nicht widersprochen haben (wenn wir Ihnen als bestehendes Mitglied von uns einen Newsletter oder Werbung zukommen lassen, k\u00f6nnen Sie dem jederzeit widersprechen, wir setzen Sie dann auf eine Sperrliste gegen weitere Sendungen);<\/li>\n\n\n\n<li>Geltendmachung rechtlicher Anspr\u00fcche und Verteidigung in Zusammenhang mit rechtlichen Streitigkeiten und beh\u00f6rdlichen Verfahren;<\/li>\n\n\n\n<li>Wahrnehmung unserer Pflichten als Arbeitgeber;<\/li>\n\n\n\n<li>Gew\u00e4hrleistungen unseres Vereinsbetriebs, insbesondere der IT, unserer Websites und weiteren Plattformen (z.B. Social Media).<\/li>\n<\/ol>\n\n\n\n<p>Soweit Sie uns eine Einwilligung zur Bearbeitung Ihrer Personaldaten f\u00fcr bestimmte Zwecke erteilt haben, bearbeiten wir Ihre Personendaten im Rahmen und gest\u00fctzt auf diese Einwilligung (z.B. Beitritt Verein), soweit wir keine andere Rechtsgrundlage haben und wir eine solche ben\u00f6tigen. Eine erteilte Einwilligung kann jederzeit widerrufen werden, was jedoch keine Auswirkung auf bereits erfolgte Datenbearbeitungen hat.<\/p>\n\n\n\n<p><strong>4. COOKIES | TRACKING &amp; ANDERE TECHNOLOGIEN IM ZUSAMMENHANG MIT DER NUTZUNG UNSERER WEBSITE<\/strong><\/p>\n\n\n\n<p>Wir setzen auf unseren Websites typischerweise \u201eCookies\u201c und vergleichbare Techniken ein, mit denen Ihr Browser oder Ihr Ger\u00e4t identifiziert werden kann. Ein Cookie ist eine kleine Datei, die an Ihren Computer gesendet bzw. vom verwendeten Webbrowser automatisch auf Ihrem Computer oder mobilen Ger\u00e4t gespeichert wird, wenn Sie unsere Website aufrufen. Wenn Sie diese Website erneut aufrufen, k\u00f6nnen wir Sie so wiedererkennen, selbst wenn wir nicht wissen, wer Sie sind. Neben Cookies, die lediglich w\u00e4hrend einer Sitzung benutzt und nach Ihrem Website-Besuch gel\u00f6scht werden (\u201eSession Cookies\u201c), k\u00f6nnen Cookies auch benutzt werden, um Nutzereinstellungen und andere Informationen \u00fcber eine bestimmte Zeit (z.B. zwei Jahre) zu speichern (\u201epermanente Cookies\u201c). Sie k\u00f6nnen Ihren Browser jedoch so einstellen, dass er Cookies zur\u00fcckweist, nur f\u00fcr eine Sitzung speichert oder sonst vorzeitig l\u00f6scht. Die meisten Browser sind so voreingestellt, dass Sie Cookies akzeptieren. Wir verwenden permanente Cookies damit wir besser verstehen, wie Sie unsere Angebote und Inhalte nutzen.<\/p>\n\n\n\n<p>Mit der Nutzung unserer Websites und der Einwilligung in den Erhalt von Newslettern und anderen Marketing-E-Mails stimmen Sie dem Einsatz dieser Techniken zu. Wollen Sie dies nicht, dann m\u00fcssen Sie Ihren Browser bzw. Ihr E-Mail-Programm entsprechend einstellen.<\/p>\n\n\n\n<p>Wir setzen auf unseren Websites mitunter Google Analytics oder vergleichbare Dienste ein. Dies ist eine Dienstleistung von Dritten, die sich in irgendeinem Land der Erde befinden k\u00f6nnen (im Falle von Google Analytics ist es Google Irland (mit Sitz in Irland), Google Irland st\u00fctzt sich dabei auf Google LLC (mit Sitz in den USA) als Auftragsbearbeiter (beide \u00abGoogle\u00bb), www.google.com), mit welcher wir die Nutzung der Website (nicht personenbezogen) messen und auswerten k\u00f6nnen. Hierzu werden ebenfalls permanente Cookies benutzt, die der Dienstleister setzt. Soweit Sie sich beim Dienstleister selbst registriert haben, kennt der Dienstleister Sie auch. Die Bearbeitung Ihrer Personendaten durch den Dienstleister erfolgt dann in Verantwortung des Dienstleisters nach dessen Datenschutzbestimmungen. Uns teilt der Dienstleister lediglich mit, wie unsere jeweilige Website genutzt wird (keine Angaben \u00fcber Sie pers\u00f6nlich).<\/p>\n\n\n\n<p><strong>5. DATENWEITERGABE UND DATEN\u00dcBERMITTLUNG INS AUSLAND<\/strong><\/p>\n\n\n\n<p>Wir geben im Rahmen unserer gesch\u00e4ftlichen Aktivit\u00e4ten und der Zwecke gem\u00e4ss Ziff. 3, soweit erlaubt und es uns als angezeigt erscheint, Personendaten auch Dritten bekannt. Sei es, weil sie diese Personendaten f\u00fcr uns bearbeiten, sei es, weil sie sie f\u00fcr ihre eigenen Zwecke verwenden wollen. Dabei geht es insbesondere um folgende Stellen:<\/p>\n\n\n\n<ol class=\"wp-block-list\" start=\"1\">\n<li>Dienstleister von uns (wie z.B. Banken, Versicherungen), einschliesslich Auftragsbearbeitern (wie z.B. IT-Provider);<\/li>\n\n\n\n<li>H\u00e4ndler, Lieferanten und sonstige Partner, Vereinsmitglieder;<\/li>\n\n\n\n<li>In- und ausl\u00e4ndische Beh\u00f6rden, Amtsstellen oder Gerichten;<\/li>\n\n\n\n<li>\u00d6ffentlichkeit, einschliesslich Besuchern von Websites und sozialer Medien;<\/li>\n\n\n\n<li>Branchenorganisationen, Verb\u00e4nde, Organisationen und weitere Gremien;<\/li>\n\n\n\n<li>anderen Parteien in m\u00f6glichen oder tats\u00e4chlichen Rechtsverfahren.<\/li>\n<\/ol>\n\n\n\n<p>Diese Empf\u00e4nger sind teilweise im Inland, k\u00f6nnen aber irgendwo auf der Erde sein. Sie m\u00fcssen insbesondere mit der \u00dcbermittlung Ihrer Daten in alle L\u00e4nder rechnen, wo sich die von uns benutzten Dienstleister befinden (wie z.B. Microsoft).<\/p>\n\n\n\n<p>Befindet sich ein Empf\u00e4nger in einem Land ohne angemessenen gesetzlichen Datenschutz, verpflichten wir den Empf\u00e4nger vertraglich zur Einhaltung des anwendbaren Datenschutzes (dazu verwenden wir die revidierten Standardvertragsklauseln der Europ\u00e4ischen Kommission, die hier: https:\/\/eur-lex.europa.eu\/eli\/dec_impl\/2021\/914\/oj? abrufbar sind), soweit er nicht bereits einem gesetzlich anerkannten Regelwerk zur Sicherstellung des Datenschutzes unterliegt und wir uns nicht auf eine Ausnahmebestimmung st\u00fctzen k\u00f6nnen. Eine Ausnahme kann namentlich bei Rechtsverfahren im Ausland gelten, aber auch in F\u00e4llen \u00fcberwiegender \u00f6ffentlicher Interessen oder wenn eine Vertragsabwicklung eine solche Bekanntgabe erfordert, wenn Sie eingewilligt haben oder wenn es sich um von Ihnen allgemein zug\u00e4nglich gemachte Daten handelt, deren Bearbeitung Sie nicht widersprochen haben.<\/p>\n\n\n\n<p><strong>6. DAUER DER AUFBEWAHRUNG VON PERSONENDATEN<\/strong><\/p>\n\n\n\n<p>Wir verarbeiten und speichern Ihre Personendaten, solange es f\u00fcr die Erf\u00fcllung unserer vertraglichen und gesetzlichen Pflichten oder sonst die mit der Bearbeitung verfolgten Zwecke erforderlich ist, d.h. also zum Beispiel f\u00fcr die Dauer der gesamten Mitgliedschaft (von der Aufnahme bis zum Vereinsaustritt) sowie dar\u00fcber hinaus gem\u00e4ss den gesetzlichen Aufbewahrungs- und Dokumentationspflichten. Dabei ist es m\u00f6glich, dass Personendaten f\u00fcr die Zeit aufbewahrt werden, in der Anspr\u00fcche gegen unseren Verein geltend gemacht werden k\u00f6nnen und soweit wir anderweitig gesetzlich dazu verpflichtet sind oder berechtigte Interessen dies erfordern (z.B. f\u00fcr Beweis- und Dokumentationszwecke). Sobald Ihre Personendaten f\u00fcr die oben genannten Zwecke nicht mehr erforderlich sind, werden sie grunds\u00e4tzlich und soweit m\u00f6glich gel\u00f6scht oder anonymisiert. F\u00fcr betriebliche Daten (z.B. Systemprotokolle, Logs), gelten grunds\u00e4tzliche k\u00fcrzere Aufbewahrungsfristen von zw\u00f6lf Monaten oder weniger.<\/p>\n\n\n\n<p><strong>7. DATENSICHERHEIT<\/strong><\/p>\n\n\n\n<p>Wir treffen angemessene technische und organisatorische Sicherheitsvorkehrungen zum Schutz Ihrer Personendaten vor unberechtigtem Zugriff und Missbrauch.<\/p>\n\n\n\n<p><strong>8. PFLICHT ZUR BEREITSTELLUNG VON PERSONENDATEN<\/strong><\/p>\n\n\n\n<p>Als Mitglied, G\u00f6nner oder Partner m\u00fcssen Sie diejenigen Personendaten bereitstellen, die f\u00fcr die Erf\u00fcllung der genannten Zwecke und der damit verbundenen vertraglichen Pflichten erforderlich sind (eine gesetzliche Pflicht, uns Daten bereitzustellen, haben Sie in der Regel nicht). Ohne diese Daten werden wir in der Regel nicht in der Lage sein, einen Vertrag mit Ihnen (oder der Stelle oder Person, die Sie vertreten) zu schliessen oder Sie als Mitglied oder G\u00f6nner aufzunehmen.<\/p>\n\n\n\n<p><strong>9. RECHTE DER BETROFFENEN PERSON<\/strong><\/p>\n\n\n\n<p>Sie haben im Rahmen des auf Sie anwendbaren Datenschutzrechts und soweit darin vorgesehen (wie etwa im Falle der DSGVO) das Recht auf Auskunft, Berichtigung, L\u00f6schung, das Recht auf Einschr\u00e4nkung der Datenbearbeitung und sonst dem Widerspruch gegen unsere Datenbearbeitungen und weiterer berechtigter Interessen an der Bearbeitung sowie auf Herausgabe gewisser Personendaten zwecks \u00dcbertragung an eine andere Stelle (sog. Datenportabilit\u00e4t). Bitte beachten Sie aber, dass wir uns vorbehalten, unsererseits die gesetzlich vorgesehenen Einschr\u00e4nkungen geltend zu machen, etwa wenn wir zur Aufbewahrung oder Bearbeitung gewisser Daten verpflichtet sind, daran ein \u00fcberwiegendes Interesse haben (soweit wir uns darauf berufen d\u00fcrfen) oder sie f\u00fcr die Geltendmachung von Anspr\u00fcchen ben\u00f6tigen. Falls f\u00fcr Sie Kosten anfallen, werden wir Sie vorab informieren. Beachten Sie, dass die Aus\u00fcbung dieser Rechte im Konflikt zu vertraglichen Abmachungen stehen k\u00f6nnen und dies Folgen wie z.B. die vorzeitige Vertragsaufl\u00f6sung oder Kostenfolgen haben kann.<\/p>\n\n\n\n<p>Die Aus\u00fcbung solcher Rechte setzt in der Regel voraus, dass Sie Ihre Identit\u00e4t eindeutig nachweisen (z.B. durch eine Ausweiskopie, wo Ihre Identit\u00e4t sonst nicht klar ist bzw. verifiziert werden kann). Zur Geltendmachung Ihrer Rechte k\u00f6nnen Sie uns unter der in Ziffer 1 angegebenen Adresse kontaktieren.<\/p>\n\n\n\n<p>Jede betroffene Person hat \u00fcberdies das Recht, ihre Anspr\u00fcche gerichtlich durchzusetzen oder bei der zust\u00e4ndigen Datenschutzbeh\u00f6rde eine Beschwerde einzureichen. Die zust\u00e4ndige Datenschutzbeh\u00f6rde der Schweiz ist der Eidgen\u00f6ssische Datenschutz- und \u00d6ffentlichkeitsbeauftragte (http:\/\/www.edoeb.admin.ch).<\/p>\n\n\n\n<p><strong>10. \u00c4NDERUNGEN<\/strong><\/p>\n\n\n\n<p>Wir k\u00f6nnen diese Datenschutzerkl\u00e4rung jederzeit ohne Vorank\u00fcndigung anpassen. Es gilt die jeweils aktuelle, auf unserer Website publizierte Fassung.<\/p>\n","protected":false},"excerpt":{"rendered":"<p>Datenschutzerkl\u00e4rung In dieser Datenschutzerkl\u00e4rung erl\u00e4utern wir, der Verein Oberwalliser Kellertheater, wie wir Personendaten erheben und bearbeiten. Unter Personendaten werden alle Angaben verstanden, die sich auf eine bestimmte oder bestimmbare nat\u00fcrliche Person beziehen. Wenn Sie uns Personendaten anderer Personen (z.B. Familienmitglieder, Daten von Arbeitskollegen) zur Verf\u00fcgung stellen, stellen Sie bitte sicher, dass diese Personen die vorliegende [&hellip;]<\/p>\n","protected":false},"author":1,"featured_media":0,"parent":0,"menu_order":0,"comment_status":"closed","ping_status":"open","template":"","meta":{"ocean_post_layout":"","ocean_both_sidebars_style":"","ocean_both_sidebars_content_width":0,"ocean_both_sidebars_sidebars_width":0,"ocean_sidebar":"","ocean_second_sidebar":"","ocean_disable_margins":"enable","ocean_add_body_class":"","ocean_shortcode_before_top_bar":"","ocean_shortcode_after_top_bar":"","ocean_shortcode_before_header":"","ocean_shortcode_after_header":"","ocean_has_shortcode":"","ocean_shortcode_after_title":"","ocean_shortcode_before_footer_widgets":"","ocean_shortcode_after_footer_widgets":"","ocean_shortcode_before_footer_bottom":"","ocean_shortcode_after_footer_bottom":"","ocean_display_top_bar":"default","ocean_display_header":"default","ocean_header_style":"","ocean_center_header_left_menu":"","ocean_custom_header_template":"","ocean_custom_logo":0,"ocean_custom_retina_logo":0,"ocean_custom_logo_max_width":0,"ocean_custom_logo_tablet_max_width":0,"ocean_custom_logo_mobile_max_width":0,"ocean_custom_logo_max_height":0,"ocean_custom_logo_tablet_max_height":0,"ocean_custom_logo_mobile_max_height":0,"ocean_header_custom_menu":"","ocean_menu_typo_font_family":"","ocean_menu_typo_font_subset":"","ocean_menu_typo_font_size":0,"ocean_menu_typo_font_size_tablet":0,"ocean_menu_typo_font_size_mobile":0,"ocean_menu_typo_font_size_unit":"px","ocean_menu_typo_font_weight":"","ocean_menu_typo_font_weight_tablet":"","ocean_menu_typo_font_weight_mobile":"","ocean_menu_typo_transform":"","ocean_menu_typo_transform_tablet":"","ocean_menu_typo_transform_mobile":"","ocean_menu_typo_line_height":0,"ocean_menu_typo_line_height_tablet":0,"ocean_menu_typo_line_height_mobile":0,"ocean_menu_typo_line_height_unit":"","ocean_menu_typo_spacing":0,"ocean_menu_typo_spacing_tablet":0,"ocean_menu_typo_spacing_mobile":0,"ocean_menu_typo_spacing_unit":"","ocean_menu_link_color":"","ocean_menu_link_color_hover":"","ocean_menu_link_color_active":"","ocean_menu_link_background":"","ocean_menu_link_hover_background":"","ocean_menu_link_active_background":"","ocean_menu_social_links_bg":"","ocean_menu_social_hover_links_bg":"","ocean_menu_social_links_color":"","ocean_menu_social_hover_links_color":"","ocean_disable_title":"default","ocean_disable_heading":"default","ocean_post_title":"","ocean_post_subheading":"","ocean_post_title_style":"","ocean_post_title_background_color":"","ocean_post_title_background":0,"ocean_post_title_bg_image_position":"","ocean_post_title_bg_image_attachment":"","ocean_post_title_bg_image_repeat":"","ocean_post_title_bg_image_size":"","ocean_post_title_height":0,"ocean_post_title_bg_overlay":0.5,"ocean_post_title_bg_overlay_color":"","ocean_disable_breadcrumbs":"default","ocean_breadcrumbs_color":"","ocean_breadcrumbs_separator_color":"","ocean_breadcrumbs_links_color":"","ocean_breadcrumbs_links_hover_color":"","ocean_display_footer_widgets":"default","ocean_display_footer_bottom":"default","ocean_custom_footer_template":"","footnotes":""},"class_list":["post-3","page","type-page","status-publish","hentry","entry"],"jetpack_sharing_enabled":true,"publishpress_future_action":{"enabled":false,"date":"2026-05-05 16:01:21","action":"change-status","newStatus":"draft","terms":[],"taxonomy":"","extraData":[]},"publishpress_future_workflow_manual_trigger":{"enabledWorkflows":[]},"_links":{"self":[{"href":"https:\/\/www.kellertheater.ch\/index.php\/wp-json\/wp\/v2\/pages\/3","targetHints":{"allow":["GET"]}}],"collection":[{"href":"https:\/\/www.kellertheater.ch\/index.php\/wp-json\/wp\/v2\/pages"}],"about":[{"href":"https:\/\/www.kellertheater.ch\/index.php\/wp-json\/wp\/v2\/types\/page"}],"author":[{"embeddable":true,"href":"https:\/\/www.kellertheater.ch\/index.php\/wp-json\/wp\/v2\/users\/1"}],"replies":[{"embeddable":true,"href":"https:\/\/www.kellertheater.ch\/index.php\/wp-json\/wp\/v2\/comments?post=3"}],"version-history":[{"count":2,"href":"https:\/\/www.kellertheater.ch\/index.php\/wp-json\/wp\/v2\/pages\/3\/revisions"}],"predecessor-version":[{"id":3602,"href":"https:\/\/www.kellertheater.ch\/index.php\/wp-json\/wp\/v2\/pages\/3\/revisions\/3602"}],"wp:attachment":[{"href":"https:\/\/www.kellertheater.ch\/index.php\/wp-json\/wp\/v2\/media?parent=3"}],"curies":[{"name":"wp","href":"https:\/\/api.w.org\/{rel}","templated":true}]}}